{"id":4506,"date":"2021-01-25T11:02:43","date_gmt":"2021-01-25T08:02:43","guid":{"rendered":"http:\/\/eemkon.org.tr\/test\/?page_id=4506"},"modified":"2021-01-25T11:04:24","modified_gmt":"2021-01-25T08:04:24","slug":"yonerge","status":"publish","type":"page","link":"https:\/\/eemkon.org.tr\/eemkon2019\/yonerge\/","title":{"rendered":"Sempozyum D\u00fczenleme Y\u00f6nergesi"},"content":{"rendered":"\t\t<div data-elementor-type=\"wp-page\" data-elementor-id=\"4506\" class=\"elementor elementor-4506\" data-elementor-settings=\"[]\">\n\t\t\t\t\t\t<div class=\"elementor-inner\">\n\t\t\t\t\t\t\t<div class=\"elementor-section-wrap\">\n\t\t\t\t\t\t\t<section class=\"elementor-section elementor-top-section elementor-element elementor-element-d1a4528 elementor-section-boxed elementor-section-height-default elementor-section-height-default\" data-id=\"d1a4528\" data-element_type=\"section\">\n\t\t\t\t\t\t<div class=\"elementor-container elementor-column-gap-default\">\n\t\t\t\t\t\t\t<div class=\"elementor-row\">\n\t\t\t\t\t<div class=\"elementor-column elementor-col-100 elementor-top-column elementor-element elementor-element-b8b7512\" data-id=\"b8b7512\" data-element_type=\"column\">\n\t\t\t<div class=\"elementor-column-wrap elementor-element-populated\">\n\t\t\t\t\t\t\t<div class=\"elementor-widget-wrap\">\n\t\t\t\t\t\t<div class=\"elementor-element elementor-element-a29cab1 elementor-widget elementor-widget-heading\" data-id=\"a29cab1\" data-element_type=\"widget\" data-widget_type=\"heading.default\">\n\t\t\t\t<div class=\"elementor-widget-container\">\n\t\t\t<h2 class=\"elementor-heading-title elementor-size-default\">SEMPOZYUM D\u00dcZENLEME Y\u00d6NERGES\u0130<\/h2>\t\t<\/div>\n\t\t\t\t<\/div>\n\t\t\t\t<div class=\"elementor-element elementor-element-3849420 elementor-widget elementor-widget-text-editor\" data-id=\"3849420\" data-element_type=\"widget\" data-widget_type=\"text-editor.default\">\n\t\t\t\t<div class=\"elementor-widget-container\">\n\t\t\t\t\t<div class=\"elementor-text-editor elementor-clearfix\"><p><strong>T\u00dcRK M\u00dcHEND\u0130S VE M\u0130MAR ODALARI B\u0130RL\u0130\u011e\u0130 ELEKTR\u0130K M\u00dcHEND\u0130SLER\u0130 ODASI<\/strong><br \/><strong>KONGRE, KURULTAY VE SEMPOZYUM D\u00dcZENLEME Y\u00d6NERGES\u0130\u2019ne g\u00f6re<\/strong><\/p><p><strong>\u201cY\u00fcr\u00fctme\u00a0Kurulu\u201d<\/strong>\u00a0Etkinli\u011fin t\u00fcm sorumlulu\u011funu alacak kurulu tan\u0131mlar.<\/p><p><b>Etkinlik Organlar\u0131, G\u00f6revleri, Yetki Ve Sorumluluklar\u0131<br \/>Madde 6-<\/b><br \/><b>b) Etkinlik Y\u00fcr\u00fctme Kurulu:<\/b><br \/>(1) Etkinlik Y\u00fcr\u00fctme Kurulu, OYK veya \u015eYK taraf\u0131ndan, Etkinlik D\u00fczenleme Kurulu \u00f6nerisi ile Etkinlik D\u00fczenleme Kurulu \u00fcyeleri aras\u0131ndan belirlenir.<br \/>(2) Etkinlik Y\u00fcr\u00fctme Kurulu, Etkinlik Sekreteri taraf\u0131ndan toplant\u0131ya \u00e7a\u011fr\u0131l\u0131r ve yap\u0131lan \u00e7al\u0131\u015fmalar, al\u0131nan kararlar Etkinlik D\u00fczenleme Kurulu\u2018na ve OYK\u2018ya iletilmek \u00fczere \u015eYK\u2018ya sunulur.<br \/>(3) Etkinlik Y\u00fcr\u00fctme Kurulu ba\u015fkan\u0131 veya e\u015f-ba\u015fkanlar\u0131 Y\u00fcr\u00fctme Kurulu\u2018nun ilk toplant\u0131s\u0131nda, Kurulu temsil etmek \u00fczere belirlenir.<\/p><p><strong>OYK: Oda Y\u00f6netim Kurulu<\/strong><br \/><strong>\u015eYK: \u015eube Y\u00f6netim Kurulu<\/strong><\/p><\/div>\n\t\t\t\t<\/div>\n\t\t\t\t<\/div>\n\t\t\t\t\t\t<\/div>\n\t\t\t\t\t<\/div>\n\t\t<\/div>\n\t\t\t\t\t\t\t\t<\/div>\n\t\t\t\t\t<\/div>\n\t\t<\/section>\n\t\t\t\t\t\t<\/div>\n\t\t\t\t\t\t<\/div>\n\t\t\t\t\t<\/div>\n\t\t","protected":false},"excerpt":{"rendered":"<p>SEMPOZYUM D\u00dcZENLEME Y\u00d6NERGES\u0130 T\u00dcRK M\u00dcHEND\u0130S VE M\u0130MAR ODALARI B\u0130RL\u0130\u011e\u0130 ELEKTR\u0130K M\u00dcHEND\u0130SLER\u0130 ODASIKONGRE, KURULTAY VE SEMPOZYUM D\u00dcZENLEME Y\u00d6NERGES\u0130\u2019ne g\u00f6re \u201cY\u00fcr\u00fctme\u00a0Kurulu\u201d\u00a0Etkinli\u011fin t\u00fcm sorumlulu\u011funu alacak kurulu tan\u0131mlar. Etkinlik Organlar\u0131, G\u00f6revleri, Yetki Ve Sorumluluklar\u0131Madde 6-b) Etkinlik Y\u00fcr\u00fctme Kurulu:(1) Etkinlik Y\u00fcr\u00fctme Kurulu, OYK veya \u015eYK taraf\u0131ndan, Etkinlik D\u00fczenleme Kurulu \u00f6nerisi ile Etkinlik D\u00fczenleme Kurulu \u00fcyeleri aras\u0131ndan belirlenir.(2) Etkinlik Y\u00fcr\u00fctme Kurulu, [&hellip;]<\/p>\n","protected":false},"author":4,"featured_media":0,"parent":0,"menu_order":2,"comment_status":"closed","ping_status":"closed","template":"template-index.php","meta":{"footnotes":""},"class_list":["post-4506","page","type-page","status-publish","hentry"],"_links":{"self":[{"href":"https:\/\/eemkon.org.tr\/eemkon2019\/wp-json\/wp\/v2\/pages\/4506","targetHints":{"allow":["GET"]}}],"collection":[{"href":"https:\/\/eemkon.org.tr\/eemkon2019\/wp-json\/wp\/v2\/pages"}],"about":[{"href":"https:\/\/eemkon.org.tr\/eemkon2019\/wp-json\/wp\/v2\/types\/page"}],"author":[{"embeddable":true,"href":"https:\/\/eemkon.org.tr\/eemkon2019\/wp-json\/wp\/v2\/users\/4"}],"replies":[{"embeddable":true,"href":"https:\/\/eemkon.org.tr\/eemkon2019\/wp-json\/wp\/v2\/comments?post=4506"}],"version-history":[{"count":4,"href":"https:\/\/eemkon.org.tr\/eemkon2019\/wp-json\/wp\/v2\/pages\/4506\/revisions"}],"predecessor-version":[{"id":4510,"href":"https:\/\/eemkon.org.tr\/eemkon2019\/wp-json\/wp\/v2\/pages\/4506\/revisions\/4510"}],"wp:attachment":[{"href":"https:\/\/eemkon.org.tr\/eemkon2019\/wp-json\/wp\/v2\/media?parent=4506"}],"curies":[{"name":"wp","href":"https:\/\/api.w.org\/{rel}","templated":true}]}}