{"id":1749,"date":"2019-02-08T11:58:25","date_gmt":"2019-02-08T08:58:25","guid":{"rendered":"http:\/\/eemkon.org.tr\/?page_id=1749"},"modified":"2021-02-27T19:08:19","modified_gmt":"2021-02-27T16:08:19","slug":"1hakkinda","status":"publish","type":"page","link":"https:\/\/eemkon.org.tr\/eemkon2019\/1hakkinda\/","title":{"rendered":"Hakk\u0131nda"},"content":{"rendered":"\t\t<div data-elementor-type=\"wp-page\" data-elementor-id=\"1749\" class=\"elementor elementor-1749\" data-elementor-settings=\"[]\">\n\t\t\t\t\t\t<div class=\"elementor-inner\">\n\t\t\t\t\t\t\t<div class=\"elementor-section-wrap\">\n\t\t\t\t\t\t\t<section class=\"elementor-section elementor-top-section elementor-element elementor-element-7b06470 elementor-section-boxed elementor-section-height-default elementor-section-height-default\" data-id=\"7b06470\" data-element_type=\"section\">\n\t\t\t\t\t\t<div class=\"elementor-container elementor-column-gap-default\">\n\t\t\t\t\t\t\t<div class=\"elementor-row\">\n\t\t\t\t\t<div class=\"elementor-column elementor-col-100 elementor-top-column elementor-element elementor-element-f9b7df2\" data-id=\"f9b7df2\" data-element_type=\"column\">\n\t\t\t<div class=\"elementor-column-wrap elementor-element-populated\">\n\t\t\t\t\t\t\t<div class=\"elementor-widget-wrap\">\n\t\t\t\t\t\t<div class=\"elementor-element elementor-element-d77f3aa elementor-widget elementor-widget-heading\" data-id=\"d77f3aa\" data-element_type=\"widget\" data-widget_type=\"heading.default\">\n\t\t\t\t<div class=\"elementor-widget-container\">\n\t\t\t<h2 class=\"elementor-heading-title elementor-size-default\">AMA\u00c7<\/h2>\t\t<\/div>\n\t\t\t\t<\/div>\n\t\t\t\t<div class=\"elementor-element elementor-element-c13859d elementor-widget elementor-widget-text-editor\" data-id=\"c13859d\" data-element_type=\"widget\" data-widget_type=\"text-editor.default\">\n\t\t\t\t<div class=\"elementor-widget-container\">\n\t\t\t\t\t<div class=\"elementor-text-editor elementor-clearfix\"><p>EMO \u0130stanbul \u015eubesi taraf\u0131ndan, elektrik-elektronik m\u00fchendisli\u011fi alan\u0131nda ger\u00e7ekle\u015ftirilen en b\u00fcy\u00fck kongrelerden biri olan Elektrik Elektronik M\u00fchendisli\u011fi Kongresi (EEMKON) 2015 (EEMKON2015) ve 2017 (EEMKON2017) y\u0131llar\u0131nda ger\u00e7ekle\u015ftirilmi\u015f. 5000\u2019nin \u00fcst\u00fcnde kat\u0131l\u0131mc\u0131n\u0131n ilgi ile izledi\u011fi kongrelerde elektrik m\u00fchendisli\u011fi alan\u0131nda teknolojik geli\u015fmelerin yan\u0131 s\u0131ra sosyal yans\u0131malar\u0131 da irdeleyerek d\u00fcnya\u2019da ve \u00fclkemizdeki geli\u015fmeleri yans\u0131tmaya \u00e7al\u0131\u015fm\u0131\u015ft\u0131r.<\/p><p>EEMKON Kongresi; \u00dcniversiteler, Akademisyenler, Kamu Kurumlar\u0131, Teknokent -Teknopark &#8211; Ara\u015ft\u0131rma Merkezleri, Belediyeler, \u00d6zel Kurulu\u015flar, Meslek Odalar\u0131, M\u00fchendisler, \u00dcniversite \u00d6\u011frencileri, Dernekler\u2019den\u00a0 temsilcilerin konu\u015fmac\u0131 olarak yer ald\u0131\u011f\u0131, kat\u0131l\u0131mc\u0131lara ve halka a\u00e7\u0131k olarak ger\u00e7ekle\u015fmektedir.\u00a0 \u00a0\u00a0<\/p><p>EMO \u0130stanbul \u015eubesi taraf\u0131ndan d\u00fczenlenen \u201cElektrik Elektronik M\u00fchendisli\u011fi Kongresi 2019 (EEMKON 2019); 14-15-16 Kas\u0131m 2019 tarihlerinde \u0130stanbul\u2019da Harbiye Askeri M\u00fcze K\u00fclt\u00fcr Sitesi\u2019nde yap\u0131lacakt\u0131r.<\/p><p>Elektrik Elektronik M\u00fchendisli\u011fi Kongresi (EEMKON 2019) kapsam\u0131nda; \u00fclkemizde ve d\u00fcnyada h\u0131zla geli\u015fen elektrik, elektronik ve biyomedikal m\u00fchendisli\u011fi alanlar\u0131ndaki yenilikleri payla\u015facak, irdeleyecek ve gelece\u011fe ili\u015fkin politikalar\u0131 tart\u0131\u015farak bilgilerimizi g\u00fcncelleyece\u011fiz.<\/p><p>Meslekta\u015flar\u0131m\u0131z\u0131n kongremize kat\u0131l\u0131m i\u00e7in verecekleri destek, mesle\u011fimizin oldu\u011fu kadar \u00fclkemizin bilim ve teknoloji alanlar\u0131ndaki birikimi g\u00fcncelleyerek geli\u015ftirmeye, zenginle\u015ftirmeye yapaca\u011f\u0131 katk\u0131 a\u00e7\u0131s\u0131ndan da \u00f6nem ta\u015f\u0131maktad\u0131r.<\/p><p>Yurti\u00e7inden ve yurtd\u0131\u015f\u0131ndan gerek \u00e7a\u011fr\u0131l\u0131 gerek hakem heyeti taraf\u0131ndan taraf\u0131ndan belirlenmi\u015f bildirilerin sunulaca\u011f\u0131 EEMKON 2019, yedi ayr\u0131 sempozyumdan olu\u015fuyor.<\/p><p>B\u00fct\u00fcn sempozyum oturumlar\u0131n\u0131n ve bildiri oturumlar\u0131n\u0131n d\u00fczenlenmesinde KTMMOB Elektrik M\u00fchendisleri Odas\u0131 payda\u015f\u0131m\u0131z olarak destek vermektedir.<\/p><p>Biyomedikal M\u00fchendisli\u011fi ve Kent ve Elektrik sempozyumlar\u0131n\u0131n d\u00fczenlenmesinde \u0130stanbul Tabip Odas\u0131 payda\u015f\u0131m\u0131z olarak destek vermektedir.<\/p><p>Bu ama\u00e7la d\u00fczenlenmekte olan EEMKON 2019 Kongresi\u2019nde;<\/p><ul><li><strong>Biyomedikal M\u00fchendisli\u011fi Sempozyumu<\/strong><\/li><li><strong>Elektrik ve Kontrol M\u00fchendisli\u011fi Sempozyumu<\/strong><\/li><li><strong>Elektronik ve Yeni Teknolojiler Sempozyumu<\/strong><\/li><li><strong>Enerji Politikalar\u0131 Sempozyumu<\/strong><\/li><li><strong>\u0130leti\u015fim Teknolojileri Sempozyumu<\/strong><\/li><li><strong>Kent ve Elektrik Sempozyumu<\/strong><\/li><li><strong>M\u00fchendislik E\u011fitimi Sempozyumu<\/strong><\/li><\/ul><p>olmak \u00fczere yedi ayr\u0131 sempozyumlarda, uluslararas\u0131 davetli konu\u015fmac\u0131lar ve \u00fclkemizden davetli konu\u015fmac\u0131lar yer alacak,<\/p><p>Yine kongre kapsam\u0131nda<\/p><ul><li><strong>Akademik Bildiriler Oturumlar\u0131<\/strong><\/li><\/ul><p><strong style=\"color: var( --e-global-color-text );\">Panel ve forumlar,<br \/><\/strong><strong style=\"color: var( --e-global-color-text );\">Kitap imza g\u00fcnleri<br \/><\/strong><strong style=\"color: var( --e-global-color-text );\">Sekt\u00f6rel oturumlar,<br \/><\/strong><strong style=\"color: var( --e-global-color-text );\">Kongre fuayelerinde sergi alanlar\u0131<\/strong><\/p><p>ger\u00e7ekle\u015fecektir.<\/p><\/div>\n\t\t\t\t<\/div>\n\t\t\t\t<\/div>\n\t\t\t\t\t\t<\/div>\n\t\t\t\t\t<\/div>\n\t\t<\/div>\n\t\t\t\t\t\t\t\t<\/div>\n\t\t\t\t\t<\/div>\n\t\t<\/section>\n\t\t\t\t\t\t<\/div>\n\t\t\t\t\t\t<\/div>\n\t\t\t\t\t<\/div>\n\t\t","protected":false},"excerpt":{"rendered":"<p>AMA\u00c7 EMO \u0130stanbul \u015eubesi taraf\u0131ndan, elektrik-elektronik m\u00fchendisli\u011fi alan\u0131nda ger\u00e7ekle\u015ftirilen en b\u00fcy\u00fck kongrelerden biri olan Elektrik Elektronik M\u00fchendisli\u011fi Kongresi (EEMKON) 2015 (EEMKON2015) ve 2017 (EEMKON2017) y\u0131llar\u0131nda ger\u00e7ekle\u015ftirilmi\u015f. 5000\u2019nin \u00fcst\u00fcnde kat\u0131l\u0131mc\u0131n\u0131n ilgi ile izledi\u011fi kongrelerde elektrik m\u00fchendisli\u011fi alan\u0131nda teknolojik geli\u015fmelerin yan\u0131 s\u0131ra sosyal yans\u0131malar\u0131 da irdeleyerek d\u00fcnya\u2019da ve \u00fclkemizdeki geli\u015fmeleri yans\u0131tmaya \u00e7al\u0131\u015fm\u0131\u015ft\u0131r. EEMKON Kongresi; \u00dcniversiteler, Akademisyenler, Kamu [&hellip;]<\/p>\n","protected":false},"author":4,"featured_media":0,"parent":0,"menu_order":14,"comment_status":"closed","ping_status":"closed","template":"template-index.php","meta":{"footnotes":""},"class_list":["post-1749","page","type-page","status-publish","hentry"],"_links":{"self":[{"href":"https:\/\/eemkon.org.tr\/eemkon2019\/wp-json\/wp\/v2\/pages\/1749","targetHints":{"allow":["GET"]}}],"collection":[{"href":"https:\/\/eemkon.org.tr\/eemkon2019\/wp-json\/wp\/v2\/pages"}],"about":[{"href":"https:\/\/eemkon.org.tr\/eemkon2019\/wp-json\/wp\/v2\/types\/page"}],"author":[{"embeddable":true,"href":"https:\/\/eemkon.org.tr\/eemkon2019\/wp-json\/wp\/v2\/users\/4"}],"replies":[{"embeddable":true,"href":"https:\/\/eemkon.org.tr\/eemkon2019\/wp-json\/wp\/v2\/comments?post=1749"}],"version-history":[{"count":34,"href":"https:\/\/eemkon.org.tr\/eemkon2019\/wp-json\/wp\/v2\/pages\/1749\/revisions"}],"predecessor-version":[{"id":4821,"href":"https:\/\/eemkon.org.tr\/eemkon2019\/wp-json\/wp\/v2\/pages\/1749\/revisions\/4821"}],"wp:attachment":[{"href":"https:\/\/eemkon.org.tr\/eemkon2019\/wp-json\/wp\/v2\/media?parent=1749"}],"curies":[{"name":"wp","href":"https:\/\/api.w.org\/{rel}","templated":true}]}}