{"id":1633,"date":"2019-01-15T11:47:29","date_gmt":"2019-01-15T08:47:29","guid":{"rendered":"http:\/\/eemkon.org.tr\/?page_id=1633"},"modified":"2022-01-18T01:00:36","modified_gmt":"2022-01-17T22:00:36","slug":"1yurutme-kurulu","status":"publish","type":"page","link":"https:\/\/eemkon.org.tr\/eemkon2017\/1yurutme-kurulu\/","title":{"rendered":"Y\u00fcr\u00fctme Kurulu"},"content":{"rendered":"\t\t<div data-elementor-type=\"wp-page\" data-elementor-id=\"1633\" class=\"elementor elementor-1633\" data-elementor-settings=\"[]\">\n\t\t\t\t\t\t<div class=\"elementor-inner\">\n\t\t\t\t\t\t\t<div class=\"elementor-section-wrap\">\n\t\t\t\t\t\t\t<section class=\"elementor-section elementor-top-section elementor-element elementor-element-d1a4528 elementor-section-boxed elementor-section-height-default elementor-section-height-default\" data-id=\"d1a4528\" data-element_type=\"section\">\n\t\t\t\t\t\t<div class=\"elementor-container elementor-column-gap-default\">\n\t\t\t\t\t\t\t<div class=\"elementor-row\">\n\t\t\t\t\t<div class=\"elementor-column elementor-col-66 elementor-top-column elementor-element elementor-element-b8b7512\" data-id=\"b8b7512\" data-element_type=\"column\">\n\t\t\t<div class=\"elementor-column-wrap elementor-element-populated\">\n\t\t\t\t\t\t\t<div class=\"elementor-widget-wrap\">\n\t\t\t\t\t\t<div class=\"elementor-element elementor-element-f608178 elementor-widget elementor-widget-heading\" data-id=\"f608178\" data-element_type=\"widget\" data-widget_type=\"heading.default\">\n\t\t\t\t<div class=\"elementor-widget-container\">\n\t\t\t<h2 class=\"elementor-heading-title elementor-size-default\">EEMKON 2017 Y\u00dcR\u00dcTME KURULU<\/h2>\t\t<\/div>\n\t\t\t\t<\/div>\n\t\t\t\t<div class=\"elementor-element elementor-element-462e84d elementor-widget elementor-widget-text-editor\" data-id=\"462e84d\" data-element_type=\"widget\" data-widget_type=\"text-editor.default\">\n\t\t\t\t<div class=\"elementor-widget-container\">\n\t\t\t\t\t\t\t\t<div class=\"elementor-text-editor elementor-clearfix\">\n\t\t\t\t<table width=\"605\"><tbody><tr><td width=\"185\"><p>\u00a0\u00a0\u00a0\u00a0 Erol Celepsoy<\/p><\/td><td width=\"420\"><p>EMO \u0130stanbul \u015eube Y\u00f6netim Kurulu Ba\u015fkan\u0131<\/p><\/td><\/tr><tr><td width=\"185\"><p>\u00a0\u00a0\u00a0\u00a0 Mehmet Turgut<\/p><\/td><td width=\"420\"><p>EEMKON 2017 D\u00fczenleme Kurulu Ba\u015fkan\u0131<\/p><\/td><\/tr><tr><td width=\"185\"><p>\u00a0\u00a0\u00a0\u00a0 H\u00fcseyin Ergun Do\u011fru<\/p><\/td><td width=\"420\"><p>EMO \u0130stanbul \u015eube Y\u00f6netim Kurulu Ba\u015fkan Yard\u0131mc\u0131s\u0131<\/p><\/td><\/tr><tr><td width=\"185\"><p>\u00a0\u00a0\u00a0\u00a0 Tayfun \u0130\u015fbilen<\/p><\/td><td width=\"420\"><p>EMO \u0130stanbul \u015eube Y\u00f6netim Kurulu Yazman\u0131<\/p><\/td><\/tr><tr><td width=\"185\"><p>\u00a0\u00a0\u00a0\u00a0 Tu\u011f\u00e7e \u00c7ak\u0131rca<\/p><\/td><td width=\"420\"><p>EMO \u0130stanbul \u015eube Y\u00f6netim Kurulu Sayman\u0131<\/p><\/td><\/tr><tr><td width=\"185\"><p>\u00a0\u00a0\u00a0\u00a0 Da\u011f\u0131stan Bekiro\u011flu<\/p><\/td><td width=\"420\"><p>EMO \u0130stanbul \u015eube Y\u00f6netim Kurulu \u00dcyesi<\/p><\/td><\/tr><tr><td width=\"185\"><p>\u00a0\u00a0\u00a0\u00a0 Hasan Ece<\/p><\/td><td width=\"420\"><p>EMO \u0130stanbul \u015eube Y\u00f6netim Kurulu \u00dcyesi<\/p><\/td><\/tr><tr><td width=\"185\"><p>\u00a0\u00a0\u00a0\u00a0 Mustafa Bulut<\/p><\/td><td width=\"420\"><p>EMO \u0130stanbul \u015eube Y\u00f6netim Kurulu \u00dcyesi<\/p><\/td><\/tr><tr><td width=\"185\"><p>\u00a0\u00a0\u00a0\u00a0 Erhan Kara\u00e7ay<\/p><\/td><td width=\"420\"><p>EMO Onur Kurulu \u00dcyesi<\/p><\/td><\/tr><tr><td width=\"185\"><p>\u00a0\u00a0\u00a0\u00a0 \u0130sa G\u00fcng\u00f6r<\/p><\/td><td width=\"420\"><p>EMO Onur Kurulu \u00dcyesi<\/p><\/td><\/tr><tr><td width=\"185\"><p>\u00a0\u00a0\u00a0\u00a0 Asuman G\u00fclay Y\u0131ld\u0131r\u0131m<\/p><\/td><td width=\"420\"><p>EMO \u0130stanbul \u015eubesi<\/p><\/td><\/tr><tr><td width=\"185\"><p>\u00a0\u00a0\u00a0\u00a0 Mahmut Galip Demircan<\/p><\/td><td width=\"420\"><p>EMO \u0130stanbul \u015eubesi<\/p><\/td><\/tr><tr><td width=\"185\"><p>\u00a0\u00a0\u00a0\u00a0 \u0130pek \u015een<\/p><\/td><td width=\"420\"><p>Biyomedikal M\u00fch. Sempozyumu Y\u00fcr\u00fctme Kurulu Ba\u015fkan\u0131<\/p><\/td><\/tr><tr><td width=\"185\"><p>\u00a0\u00a0\u00a0\u00a0 F. Kemal \u00d6zo\u011fuz<\/p><\/td><td width=\"420\"><p>Biyomedikal M\u00fch. Sempozyumu Y\u00fcr\u00fctme Kurulu Sekreteri<\/p><\/td><\/tr><tr><td width=\"185\"><p>\u00a0\u00a0\u00a0\u00a0 Ayd\u0131n Akan<\/p><\/td><td width=\"420\"><p>Biyomedikal M\u00fch. Sempozyumu<\/p><\/td><\/tr><tr><td width=\"185\"><p>\u00a0\u00a0\u00a0\u00a0 Bar\u0131\u015f \u00c7oruh<\/p><\/td><td width=\"420\"><p>Biyomedikal M\u00fch. Sempozyumu<\/p><\/td><\/tr><tr><td width=\"185\"><p>\u00a0\u00a0\u00a0\u00a0 Bar\u0131\u015f \u00dcnl\u00fc<\/p><\/td><td width=\"420\"><p>Biyomedikal M\u00fch. Sempozyumu<\/p><\/td><\/tr><tr><td width=\"185\"><p>\u00a0\u00a0\u00a0\u00a0 Burak Polat<\/p><\/td><td width=\"420\"><p>Biyomedikal M\u00fch. Sempozyumu<\/p><\/td><\/tr><tr><td width=\"185\"><p>\u00a0\u00a0\u00a0\u00a0 Fikret K\u00fc\u00e7\u00fckdeveci<\/p><\/td><td width=\"420\"><p>Biyomedikal M\u00fch. Sempozyumu<\/p><\/td><\/tr><tr><td width=\"185\"><p>\u00a0\u00a0\u00a0\u00a0 Hasan F\u0131rat<\/p><\/td><td width=\"420\"><p>Biyomedikal M\u00fch. Sempozyumu<\/p><\/td><\/tr><tr><td width=\"185\"><p>\u00a0\u00a0\u00a0\u00a0 Hasan \u015eahin<\/p><\/td><td width=\"420\"><p>Biyomedikal M\u00fch. Sempozyumu<\/p><\/td><\/tr><tr><td width=\"185\"><p>\u00a0\u00a0\u00a0\u00a0 Muzaffer Ba\u015fak<\/p><\/td><td width=\"420\"><p>Biyomedikal M\u00fch. Sempozyumu<\/p><\/td><\/tr><tr><td width=\"185\"><p>\u00a0\u00a0\u00a0\u00a0 Onur Ko\u00e7ak<\/p><\/td><td width=\"420\"><p>Biyomedikal M\u00fch. Sempozyumu<\/p><\/td><\/tr><tr><td width=\"185\"><p>\u00a0\u00a0\u00a0\u00a0 Osman Ero\u011ful<\/p><\/td><td width=\"420\"><p>Biyomedikal M\u00fch. Sempozyumu<\/p><\/td><\/tr><tr><td width=\"185\"><p>\u00a0\u00a0\u00a0\u00a0 Beyza Metin<\/p><\/td><td width=\"420\"><p>Elektrik ve Kontrol M\u00fch. Sempozyumu Y\u00fcr\u00fctme Kurulu Ba\u015fkan\u0131<\/p><\/td><\/tr><tr><td width=\"185\"><p>\u00a0\u00a0\u00a0\u00a0 \u0130lker Ayd\u0131n<\/p><\/td><td width=\"420\"><p>Elektrik ve Kontrol M\u00fch. Sempozyumu Y\u00fcr\u00fctme Kurulu Sekreteri<\/p><\/td><\/tr><tr><td width=\"185\"><p>\u00a0\u00a0\u00a0\u00a0 H\u00fcseyin Hal\u0131c\u0131<\/p><\/td><td width=\"420\"><p>Elektrik ve Kontrol M\u00fch. Sempozyumu<\/p><\/td><\/tr><tr><td width=\"185\"><p>\u00a0\u00a0\u00a0\u00a0 Neslihan Serap \u015eeng\u00f6r<\/p><\/td><td width=\"420\"><p>Elektrik ve Kontrol M\u00fch. Sempozyumu<\/p><\/td><\/tr><tr><td width=\"185\"><p>\u00a0\u00a0\u00a0\u00a0 \u00d6zg\u00fcr \u00dcst\u00fcn<\/p><\/td><td width=\"420\"><p>Elektrik ve Kontrol M\u00fch. Sempozyumu<\/p><\/td><\/tr><tr><td width=\"185\"><p>\u00a0\u00a0\u00a0\u00a0 M. Timur Aydemir<\/p><\/td><td width=\"420\"><p>Elektrik ve Kontrol M\u00fch. Sempozyumu<\/p><\/td><\/tr><tr><td width=\"185\"><p>\u00a0\u00a0\u00a0\u00a0 \u015eeyda Solukcu<\/p><\/td><td width=\"420\"><p>Elektrik ve Kontrol M\u00fch. Sempozyumu<\/p><\/td><\/tr><tr><td width=\"185\"><p>\u00a0\u00a0\u00a0\u00a0 Hakk\u0131 Kaya Ocaka\u00e7an<\/p><\/td><td width=\"420\"><p>Elektronik Sanayi Sempozyumu Y\u00fcr\u00fctme Kurulu Ba\u015fkan\u0131<\/p><\/td><\/tr><tr><td width=\"185\"><p>\u00a0\u00a0\u00a0\u00a0 Mustafa Dayan\u0131kl\u0131<\/p><\/td><td width=\"420\"><p>Elektronik Sanayi Sempozyumu Y\u00fcr\u00fctme Kurulu Sekreteri<\/p><\/td><\/tr><tr><td width=\"185\"><p>\u00a0\u00a0\u00a0\u00a0 Ata Bar\u0131\u015f Ceyhan<\/p><\/td><td width=\"420\"><p>Elektronik Sanayi Sempozyumu<\/p><\/td><\/tr><tr><td width=\"185\"><p>\u00a0\u00a0\u00a0\u00a0 Deniz \u00dclker<\/p><\/td><td width=\"420\"><p>Elektronik Sanayi Sempozyumu<\/p><\/td><\/tr><tr><td width=\"185\"><p>\u00a0\u00a0\u00a0\u00a0 G\u00f6khan Sezer<\/p><\/td><td width=\"420\"><p>Elektronik Sanayi Sempozyumu<\/p><\/td><\/tr><tr><td width=\"185\"><p>\u00a0\u00a0\u00a0\u00a0 H\u00fcseyin Orman<\/p><\/td><td width=\"420\"><p>Elektronik Sanayi Sempozyumu<\/p><\/td><\/tr><tr><td width=\"185\"><p>\u00a0\u00a0\u00a0\u00a0 Suat Ka\u015f<\/p><\/td><td width=\"420\"><p>Elektronik Sanayi Sempozyumu<\/p><\/td><\/tr><tr><td width=\"185\"><p>\u00a0\u00a0\u00a0\u00a0 Gazi \u0130pek<\/p><\/td><td width=\"420\"><p>Enerji Politikalar\u0131 Sempozyumu Y\u00fcr\u00fctme Kurulu Ba\u015fkan\u0131<\/p><\/td><\/tr><tr><td width=\"185\"><p>\u00a0\u00a0\u00a0\u00a0 Yasemin Yavuz<\/p><\/td><td width=\"420\"><p>Enerji Politikalar\u0131 Sempozyumu Y\u00fcr\u00fctme Kurulu Sekreteri<\/p><\/td><\/tr><tr><td width=\"185\"><p>\u00a0\u00a0\u00a0\u00a0 Aybent G\u00f6kg\u00f6z<\/p><\/td><td width=\"420\"><p>Enerji Politikalar\u0131 Sempozyumu<\/p><\/td><\/tr><tr><td width=\"185\"><p>\u00a0\u00a0\u00a0\u00a0 Bilgin Akbal<\/p><\/td><td width=\"420\"><p>Enerji Politikalar\u0131 Sempozyumu<\/p><\/td><\/tr><tr><td width=\"185\"><p>\u00a0\u00a0\u00a0\u00a0 Cemil \u00dcnal<\/p><\/td><td width=\"420\"><p>Enerji Politikalar\u0131 Sempozyumu<\/p><\/td><\/tr><tr><td width=\"185\"><p>\u00a0\u00a0\u00a0\u00a0 Da\u011f\u0131stan Bekiro\u011flu<\/p><\/td><td width=\"420\"><p>Enerji Politikalar\u0131 Sempozyumu<\/p><\/td><\/tr><tr><td width=\"185\"><p>\u00a0\u00a0\u00a0\u00a0 Erkan Solmaz<\/p><\/td><td width=\"420\"><p>Enerji Politikalar\u0131 Sempozyumu<\/p><\/td><\/tr><tr><td width=\"185\"><p>\u00a0\u00a0\u00a0\u00a0 Fatih Mehmet Nuro\u011flu<\/p><\/td><td width=\"420\"><p>Enerji Politikalar\u0131 Sempozyumu<\/p><\/td><\/tr><tr><td width=\"185\"><p>\u00a0\u00a0\u00a0\u00a0 G\u00fcrkan Serteller<\/p><\/td><td width=\"420\"><p>Enerji Politikalar\u0131 Sempozyumu<\/p><\/td><\/tr><tr><td width=\"185\"><p>\u00a0\u00a0\u00a0\u00a0 Hatice Geyik<\/p><\/td><td width=\"420\"><p>Enerji Politikalar\u0131 Sempozyumu<\/p><\/td><\/tr><tr><td width=\"185\"><p>\u00a0\u00a0\u00a0\u00a0 \u0130hsan Yurt<\/p><\/td><td width=\"420\"><p>Enerji Politikalar\u0131 Sempozyumu<\/p><\/td><\/tr><tr><td width=\"185\"><p>\u00a0\u00a0\u00a0\u00a0 Mehmet Akif \u015eenol<\/p><\/td><td width=\"420\"><p>Enerji Politikalar\u0131 Sempozyumu<\/p><\/td><\/tr><tr><td width=\"185\"><p>\u00a0\u00a0\u00a0\u00a0 Nazife \u0130lhan<\/p><\/td><td width=\"420\"><p>Enerji Politikalar\u0131 Sempozyumu<\/p><\/td><\/tr><tr><td width=\"185\"><p>\u00a0\u00a0\u00a0\u00a0 Saadet Nuruilah G\u00fcle\u00e7<\/p><\/td><td width=\"420\"><p>Enerji Politikalar\u0131 Sempozyumu<\/p><\/td><\/tr><tr><td width=\"185\"><p>\u00a0\u00a0\u00a0\u00a0 \u015eenay Karabay\u0131r<\/p><\/td><td width=\"420\"><p>Enerji Politikalar\u0131 Sempozyumu<\/p><\/td><\/tr><tr><td width=\"185\"><p>\u00a0\u00a0\u00a0\u00a0 Tanay S\u0131dk\u0131 Uyar<\/p><\/td><td width=\"420\"><p>Enerji Politikalar\u0131 Sempozyumu<\/p><\/td><\/tr><tr><td width=\"185\"><p>\u00a0\u00a0\u00a0\u00a0 Tayfun \u0130\u015fbilen<\/p><\/td><td width=\"420\"><p>\u0130leti\u015fim Teknolojileri Sempozyumu Y\u00f6netim Kurulu Ba\u015fkan\u0131<\/p><\/td><\/tr><tr><td width=\"185\"><p>\u00a0\u00a0\u00a0\u00a0 H\u00fcseyin Selami \u00c7elebio\u011flu<\/p><\/td><td width=\"420\"><p>\u0130leti\u015fim Teknolojileri Sempozyumu Y\u00f6netim Kurulu Sekreteri<\/p><\/td><\/tr><tr><td width=\"185\"><p>\u00a0\u00a0\u00a0\u00a0 Alper U\u011fur<\/p><\/td><td width=\"420\"><p>\u0130leti\u015fim Teknolojileri Sempozyumu<\/p><\/td><\/tr><tr><td width=\"185\"><p>\u00a0\u00a0\u00a0\u00a0 Ay\u015fe \u015eenay<\/p><\/td><td width=\"420\"><p>\u0130leti\u015fim Teknolojileri Sempozyumu<\/p><\/td><\/tr><tr><td width=\"185\"><p>\u00a0\u00a0\u00a0\u00a0 Aziz San\u0131r<\/p><\/td><td width=\"420\"><p>\u0130leti\u015fim Teknolojileri Sempozyumu<\/p><\/td><\/tr><tr><td width=\"185\"><p>\u00a0\u00a0\u00a0\u00a0 Bar\u0131\u015f Ar\u0131kan<\/p><\/td><td width=\"420\"><p>\u0130leti\u015fim Teknolojileri Sempozyumu<\/p><\/td><\/tr><tr><td width=\"185\"><p>\u00a0\u00a0\u00a0\u00a0 F\u00fcsun Sarp Nebil<\/p><\/td><td width=\"420\"><p>\u0130leti\u015fim Teknolojileri Sempozyumu<\/p><\/td><\/tr><tr><td width=\"185\"><p>\u00a0\u00a0\u00a0\u00a0 Huriye Alacakaptan<\/p><\/td><td width=\"420\"><p>\u0130leti\u015fim Teknolojileri Sempozyumu<\/p><\/td><\/tr><tr><td width=\"185\"><p>\u00a0\u00a0\u00a0\u00a0 Melike \u00d6zlem Bilgili<\/p><\/td><td width=\"420\"><p>\u0130leti\u015fim Teknolojileri Sempozyumu<\/p><\/td><\/tr><tr><td width=\"185\"><p>\u00a0\u00a0\u00a0\u00a0 \u00d6m\u00fcr Y\u0131ld\u0131z<\/p><\/td><td width=\"420\"><p>\u0130leti\u015fim Teknolojileri Sempozyumu<\/p><\/td><\/tr><tr><td width=\"185\"><p>\u00a0\u00a0\u00a0\u00a0 Sel\u00e7uk Paker<\/p><\/td><td width=\"420\"><p>\u0130leti\u015fim Teknolojileri Sempozyumu<\/p><\/td><\/tr><tr><td width=\"185\"><p>\u00a0\u00a0\u00a0\u00a0 Veyis Sar\u0131o\u011fuz<\/p><\/td><td width=\"420\"><p>\u0130leti\u015fim Teknolojileri Sempozyumu<\/p><\/td><\/tr><tr><td width=\"185\"><p>\u00a0\u00a0\u00a0\u00a0 Cemil Kocatepe<\/p><\/td><td width=\"420\"><p>Kent Ve Elektrik Sempozyumu Y\u00f6netim Kurulu Ba\u015fkan\u0131<\/p><\/td><\/tr><tr><td width=\"185\"><p>\u00a0\u00a0\u00a0\u00a0 Demir G\u00fcrsoytrak<\/p><\/td><td width=\"420\"><p>Kent Ve Elektrik Sempozyumu Y\u00f6netim Kurulu Sekreteri<\/p><\/td><\/tr><tr><td width=\"185\"><p>\u00a0\u00a0\u00a0\u00a0 Ahmet Turan Aydemir<\/p><\/td><td width=\"420\"><p>Kent Ve Elektrik Sempozyumu<\/p><\/td><\/tr><tr><td width=\"185\"><p>\u00a0\u00a0\u00a0\u00a0 Ferruh \u0130skendero\u011flu<\/p><\/td><td width=\"420\"><p>Kent Ve Elektrik Sempozyumu<\/p><\/td><\/tr><tr><td width=\"185\"><p>\u00a0\u00a0\u00a0\u00a0 Fevzi Y\u0131ld\u0131r\u0131m<\/p><\/td><td width=\"420\"><p>Kent Ve Elektrik Sempozyumu<\/p><\/td><\/tr><tr><td width=\"185\"><p>\u00a0\u00a0\u00a0\u00a0 Mustafa Kavuk\u00e7u<\/p><\/td><td width=\"420\"><p>Kent Ve Elektrik Sempozyumu<\/p><\/td><\/tr><tr><td width=\"185\"><p>\u00a0\u00a0\u00a0\u00a0 Yasin Demir\u00f6z<\/p><\/td><td width=\"420\"><p>Kent Ve Elektrik Sempozyumu<\/p><\/td><\/tr><tr><td width=\"185\"><p>\u00a0\u00a0\u00a0\u00a0 Sel\u00e7uk Esen<\/p><\/td><td width=\"420\"><p>M\u00fchendislik E\u011fitimi Sempozyumu Y\u00fcr\u00fctme Kurulu Ba\u015fkan\u0131<\/p><\/td><\/tr><tr><td width=\"185\"><p>\u00a0\u00a0\u00a0\u00a0 Figen \u00d6zen<\/p><\/td><td width=\"420\"><p>M\u00fchendislik E\u011fitimi Sempozyumu Y\u00fcr\u00fctme Kurulu Sekreteri<\/p><\/td><\/tr><tr><td width=\"185\"><p>\u00a0\u00a0\u00a0\u00a0 Abd\u00fclhamit Serbest<\/p><\/td><td width=\"420\"><p>M\u00fchendislik E\u011fitimi Sempozyumu<\/p><\/td><\/tr><tr><td width=\"185\"><p>\u00a0\u00a0\u00a0\u00a0 Ahmet Tar\u0131k Uzunkaya<\/p><\/td><td width=\"420\"><p>M\u00fchendislik E\u011fitimi Sempozyumu<\/p><\/td><\/tr><tr><td width=\"185\"><p>\u00a0\u00a0\u00a0\u00a0 Belgin Emre T\u00fcrkay<\/p><\/td><td width=\"420\"><p>M\u00fchendislik E\u011fitimi Sempozyumu<\/p><\/td><\/tr><tr><td width=\"185\"><p>\u00a0\u00a0\u00a0\u00a0 \u0130rfan Onay<\/p><\/td><td width=\"420\"><p>M\u00fchendislik E\u011fitimi Sempozyumu<\/p><\/td><\/tr><tr><td width=\"185\"><p>\u00a0\u00a0\u00a0\u00a0 \u0130rfan \u015eenlik<\/p><\/td><td width=\"420\"><p>M\u00fchendislik E\u011fitimi Sempozyumu<\/p><\/td><\/tr><tr><td width=\"185\"><p>\u00a0\u00a0\u00a0\u00a0 Mehmet Hayri Kartopu<\/p><\/td><td width=\"420\"><p>M\u00fchendislik E\u011fitimi Sempozyumu<\/p><\/td><\/tr><tr><td width=\"185\"><p>\u00a0\u00a0\u00a0\u00a0 Mehmet Mazmano\u011flu<\/p><\/td><td width=\"420\"><p>M\u00fchendislik E\u011fitimi Sempozyumu<\/p><\/td><\/tr><tr><td width=\"185\"><p>\u00a0\u00a0\u00a0\u00a0 Nihal T\u00fcr\u00fct<\/p><\/td><td width=\"420\"><p>M\u00fchendislik E\u011fitimi Sempozyumu<\/p><\/td><\/tr><tr><td width=\"185\"><p>\u00a0\u00a0\u00a0\u00a0 \u00d6zdemir \u00d6zkan<\/p><\/td><td width=\"420\"><p>M\u00fchendislik E\u011fitimi Sempozyumu<\/p><\/td><\/tr><tr><td width=\"185\"><p>\u00a0\u00a0\u00a0\u00a0 Tu\u011f\u00e7e Ate\u015f<\/p><\/td><td width=\"420\"><p>M\u00fchendislik E\u011fitimi Sempozyumu<\/p><\/td><\/tr><\/tbody><\/table><p>\u00a0<\/p>\t\t\t\t\t<\/div>\n\t\t\t\t\t\t<\/div>\n\t\t\t\t<\/div>\n\t\t\t\t\t\t<\/div>\n\t\t\t\t\t<\/div>\n\t\t<\/div>\n\t\t\t\t<div class=\"elementor-column elementor-col-33 elementor-top-column elementor-element elementor-element-b35615b\" data-id=\"b35615b\" data-element_type=\"column\">\n\t\t\t<div class=\"elementor-column-wrap elementor-element-populated\">\n\t\t\t\t\t\t\t<div class=\"elementor-widget-wrap\">\n\t\t\t\t\t\t<div class=\"elementor-element elementor-element-33150c6 elementor-widget elementor-widget-heading\" data-id=\"33150c6\" data-element_type=\"widget\" data-widget_type=\"heading.default\">\n\t\t\t\t<div class=\"elementor-widget-container\">\n\t\t\t<h3 class=\"elementor-heading-title elementor-size-default\">Y\u00dcR\u00dcTME KURULU G\u00d6REVLER\u0130<\/h3>\t\t<\/div>\n\t\t\t\t<\/div>\n\t\t\t\t<div class=\"elementor-element elementor-element-aacf6a1 elementor-widget elementor-widget-text-editor\" data-id=\"aacf6a1\" data-element_type=\"widget\" data-widget_type=\"text-editor.default\">\n\t\t\t\t<div class=\"elementor-widget-container\">\n\t\t\t\t\t\t\t\t<div class=\"elementor-text-editor elementor-clearfix\">\n\t\t\t\t<p><strong>Kongre Y\u00fcr\u00fctme Kurulunun Ba\u015fl\u0131ca G\u00f6revleri (Merkezi i\u015flerde g\u00f6revli arkada\u015flar, YK \u00fcyeleri ve sempozyum s\u00f6zc\u00fcleri)<\/strong><\/p><ul><li>Sempozyum Y\u00fcr\u00fctmeleri aras\u0131nda koordinasyon ve ileti\u015fimi sa\u011flamak<\/li><li>D\u00fczenleme Kurulunun toplanmas\u0131, bilgilendirmesi<\/li><li>Kongre mekan\u0131n\u0131n belirlenmesi, Kongre alt yap\u0131s\u0131n\u0131n haz\u0131rlanmas\u0131<\/li><li>B\u00fct\u00e7e disiplininin sa\u011flanmas\u0131<\/li><li>\u015eube Y\u00f6netim Kurulu ile koordinasyonun sa\u011flanmas\u0131<\/li><li>Kongre Kat\u0131l\u0131m\u0131n\u0131n sa\u011flanmas\u0131, delege sat\u0131\u015f\u0131n\u0131n sa\u011flanmas\u0131<\/li><li>Bas\u0131n, yay\u0131n, reklam, sosyal medya, duyuru i\u015flerinin koordinasyonu<\/li><li>Kongre esnas\u0131nda yemek ve ikramlar\u0131n sa\u011flanmas\u0131<\/li><li>Kongrenin d\u00fczeninin sa\u011flanmas\u0131<\/li><li>Gelecek davetlilerin konaklama ve yol taleplerinin tespiti ve sa\u011flanmas\u0131<\/li><li>Kongre i\u015f plan\u0131n\u0131n takibi.<\/li><li>Kongre\u2019de yap\u0131lacak forumlar\u0131n\u0131 belirlemek ve d\u00fczenlemek<\/li><li>Kongre d\u00fczeninin sa\u011flanmas\u0131<\/li><li>\u00dcniversiteler, \u015firketler ve bas\u0131n ile ileti\u015fimin sa\u011flanmas\u0131,<\/li><li>\u00d6\u011frenci kat\u0131l\u0131m\u0131n\u0131n sa\u011flanmas\u0131<\/li><li>Sergi, fuar ve reklam gibi gelir getirici i\u015flemleri koordine etmek.<\/li><li><strong>Raporlama<\/strong><\/li><\/ul><p><strong>\u00a0<\/strong><\/p><p><strong>\u00a0<\/strong><\/p><p><strong>Sempozyum Y\u00fcr\u00fctme Kurullar\u0131n\u0131n Ba\u015fl\u0131ca G\u00f6revleri<\/strong><\/p><ul><li>Sempozyumun Ana Temas\u0131n\u0131 belirlemek<\/li><li>Oturum ba\u015fl\u0131klar\u0131n\u0131 tespit etmek<\/li><li>Hakemli ve \u00c7a\u011fr\u0131l\u0131 Bildirilerin konular\u0131n\u0131 tespit etmek.<\/li><li>Sempozyum Bilim Kurulunu olu\u015fturmak<\/li><li>Bildirilerin teslimini sa\u011flamak<\/li><li>Konu\u015fmac\u0131lar\u0131 belirlemek.<\/li><li>Hakemli bildirilerin Bilim Kuruluna teslimi ve sonu\u00e7lar\u0131n\u0131n al\u0131nmas\u0131n\u0131 sa\u011flamak<\/li><li>D\u00fczenleme Kuruluna Sempozyum ile ilgili bilgi vermek<\/li><li>Oturum Ba\u015fkanlar\u0131n\u0131 tespit etmek<\/li><li>\u015eehir d\u0131\u015f\u0131ndan gelecek davetli konu\u015fmac\u0131lar\u0131 tespit ederek Sekreterya\u2019ya bildirmek<\/li><li>Oturumlar\u0131n d\u00fczenini sa\u011flamak.<\/li><li>Kongre bitiminde Sempozyum kitaplar\u0131n\u0131n tamamlanmas\u0131n\u0131 sa\u011flamak<strong>.<\/strong><\/li><li><strong>Raporlama<\/strong><\/li><\/ul>\t\t\t\t\t<\/div>\n\t\t\t\t\t\t<\/div>\n\t\t\t\t<\/div>\n\t\t\t\t\t\t<\/div>\n\t\t\t\t\t<\/div>\n\t\t<\/div>\n\t\t\t\t\t\t\t\t<\/div>\n\t\t\t\t\t<\/div>\n\t\t<\/section>\n\t\t\t\t\t\t<\/div>\n\t\t\t\t\t\t<\/div>\n\t\t\t\t\t<\/div>\n\t\t","protected":false},"excerpt":{"rendered":"<p>EEMKON 2017 Y\u00dcR\u00dcTME KURULU \u00a0\u00a0\u00a0\u00a0 Erol Celepsoy EMO \u0130stanbul \u015eube Y\u00f6netim Kurulu Ba\u015fkan\u0131 \u00a0\u00a0\u00a0\u00a0 Mehmet Turgut EEMKON 2017 D\u00fczenleme Kurulu Ba\u015fkan\u0131 \u00a0\u00a0\u00a0\u00a0 H\u00fcseyin Ergun Do\u011fru EMO \u0130stanbul \u015eube Y\u00f6netim Kurulu Ba\u015fkan Yard\u0131mc\u0131s\u0131 \u00a0\u00a0\u00a0\u00a0 Tayfun \u0130\u015fbilen EMO \u0130stanbul \u015eube Y\u00f6netim Kurulu Yazman\u0131 \u00a0\u00a0\u00a0\u00a0 Tu\u011f\u00e7e \u00c7ak\u0131rca EMO \u0130stanbul \u015eube Y\u00f6netim Kurulu Sayman\u0131 \u00a0\u00a0\u00a0\u00a0 Da\u011f\u0131stan Bekiro\u011flu EMO \u0130stanbul [&hellip;]<\/p>\n","protected":false},"author":4,"featured_media":0,"parent":0,"menu_order":0,"comment_status":"closed","ping_status":"closed","template":"template-index.php","meta":[],"_links":{"self":[{"href":"https:\/\/eemkon.org.tr\/eemkon2017\/wp-json\/wp\/v2\/pages\/1633"}],"collection":[{"href":"https:\/\/eemkon.org.tr\/eemkon2017\/wp-json\/wp\/v2\/pages"}],"about":[{"href":"https:\/\/eemkon.org.tr\/eemkon2017\/wp-json\/wp\/v2\/types\/page"}],"author":[{"embeddable":true,"href":"https:\/\/eemkon.org.tr\/eemkon2017\/wp-json\/wp\/v2\/users\/4"}],"replies":[{"embeddable":true,"href":"https:\/\/eemkon.org.tr\/eemkon2017\/wp-json\/wp\/v2\/comments?post=1633"}],"version-history":[{"count":48,"href":"https:\/\/eemkon.org.tr\/eemkon2017\/wp-json\/wp\/v2\/pages\/1633\/revisions"}],"predecessor-version":[{"id":7127,"href":"https:\/\/eemkon.org.tr\/eemkon2017\/wp-json\/wp\/v2\/pages\/1633\/revisions\/7127"}],"wp:attachment":[{"href":"https:\/\/eemkon.org.tr\/eemkon2017\/wp-json\/wp\/v2\/media?parent=1633"}],"curies":[{"name":"wp","href":"https:\/\/api.w.org\/{rel}","templated":true}]}}